{"id":26,"date":"2026-03-05T18:10:49","date_gmt":"2026-03-05T17:10:49","guid":{"rendered":"https:\/\/wiesengrund-ev.de\/wp-wiesengrund-ev\/?page_id=26"},"modified":"2026-03-28T11:00:29","modified_gmt":"2026-03-28T10:00:29","slug":"termine","status":"publish","type":"page","link":"https:\/\/wiesengrund-ev.de\/?page_id=26","title":{"rendered":"Termine"},"content":{"rendered":"\n<p>Die Termine f\u00fcr die Arbeitseins\u00e4tze werden rechtzeitig hier sowie in den Schauk\u00e4sten und auf unserem WhatsApp Kanal ver\u00f6ffentlicht.<\/p>\n\n\n\n<figure class=\"wp-block-table is-style-stripes\"><table class=\"has-fixed-layout\"><thead><tr><th>Thema<\/th><th>Voraussichtlicher Termin<\/th><th>Uhrzeit<\/th><\/tr><\/thead><tbody><tr><td>Gro\u00dfer R\u00fcckschnitt von Hecken und B\u00e4umen<\/td><td>28.02.2026<\/td><td>10:00 \u2013 13:00 Uhr<\/td><\/tr><tr><td>Wasser anstellen (je nach Witterung) <\/td><td>28.03.2026<\/td><td>10:00 Uhr<\/td><\/tr><tr><td>Sprechstunde Vorstand<\/td><td>09.04.2026 <\/td><td>17:00 \u2013 17:30 Uhr<\/td><\/tr><tr><td>Sprechstunde Vorstand <\/td><td>07.05.2026<\/td><td>17:00 \u2013 17:30 Uhr<\/td><\/tr><tr><td>Sprechstunde Vorstand <\/td><td>11.06.2026 <\/td><td>17:00 \u2013 17:30 Uhr<\/td><\/tr><tr><td>Gartenbegehung aller G\u00e4rten<br>(Anwesenheitspflicht in den G\u00e4rten durch P\u00e4chter oder Vertreter. Zugang zum Garten muss sichergestellt werden. Zeitansatz pro Garten max. 5<br>Minuten)<\/td><td>04.07.2026 <\/td><td>10:00 \u2013 15:00 Uhr<\/td><\/tr><tr><td>Sprechstunde Vorstand <\/td><td>09.07.2026 <\/td><td>17:00 \u2013 17:30 Uhr<\/td><\/tr><tr><td>Sprechstunde Vorstand <\/td><td>06.08.2026 <\/td><td>17:00 \u2013 17:30 Uhr<\/td><\/tr><tr><td>Aufbau u. Vorbereitung Sommerfest<\/td><td>08.08.2026<\/td><td>09:00 \u2013 10:00 Uhr<\/td><\/tr><tr><td>Mitgliederversammlung <\/td><td>08.08.2026 <\/td><td>10:00 \u2013 11:00 Uhr<\/td><\/tr><tr><td>Sommerfest <\/td><td>08.08.2026 <\/td><td>11:00 \u2013 17:00 Uhr<\/td><\/tr><tr><td>Nacharbeiten u. Ber\u00e4umen Gartenfest <\/td><td>09.08.2026 <\/td><td>11:00 \u2013 12:00 Uhr<\/td><\/tr><tr><td>Sprechstunde Vorstand <\/td><td>03.09.2026 <\/td><td>17:00 \u2013 17:30 Uhr<\/td><\/tr><tr><td>Verbrauchsdaten ablesen<br>(Anwesenheitspflicht in den G\u00e4rten durch P\u00e4chter oder Vertreter. Zugang zum Garten muss sichergestellt werden. Zeitansatz pro Garten max. 5<br>Minuten)<\/td><td>26.09.2026 <\/td><td>10:00 &#8211; 13:00 Uhr<\/td><\/tr><tr><td>Letzte Sprechstunde Vorstand<\/td><td>08.10.2026<\/td><td>17:00 \u2013 17:30 Uhr<\/td><\/tr><tr><td>Aufbau u. Vorbereitung Erntedankfest<\/td><td>10.10.2026<\/td><td>10:00 \u2013 11:00 Uhr<\/td><\/tr><tr><td>Erntedankfest <\/td><td>10.10.2026<\/td><td>11:00 \u2013 16:00 Uhr<\/td><\/tr><tr><td>Wasser abstellen \u2013 je nach Witterung<\/td><td>ca. 24.10.2026 <\/td><td>10:00 Uhr<\/td><\/tr><\/tbody><\/table><\/figure>\n","protected":false},"excerpt":{"rendered":"<p>Die Termine f\u00fcr die Arbeitseins\u00e4tze werden rechtzeitig hier sowie in den Schauk\u00e4sten und auf unserem WhatsApp Kanal ver\u00f6ffentlicht. Thema Voraussichtlicher Termin Uhrzeit Gro\u00dfer R\u00fcckschnitt von Hecken und B\u00e4umen 28.02.2026 10:00 \u2013 13:00 Uhr Wasser anstellen (je nach Witterung) 28.03.2026 10:00 Uhr Sprechstunde Vorstand 09.04.2026 17:00 \u2013 17:30 Uhr Sprechstunde Vorstand 07.05.2026 17:00 \u2013 17:30 Uhr [&hellip;]<\/p>\n","protected":false},"author":1,"featured_media":0,"parent":0,"menu_order":0,"comment_status":"closed","ping_status":"closed","template":"","meta":{"footnotes":""},"class_list":["post-26","page","type-page","status-publish","hentry"],"_links":{"self":[{"href":"https:\/\/wiesengrund-ev.de\/index.php?rest_route=\/wp\/v2\/pages\/26","targetHints":{"allow":["GET"]}}],"collection":[{"href":"https:\/\/wiesengrund-ev.de\/index.php?rest_route=\/wp\/v2\/pages"}],"about":[{"href":"https:\/\/wiesengrund-ev.de\/index.php?rest_route=\/wp\/v2\/types\/page"}],"author":[{"embeddable":true,"href":"https:\/\/wiesengrund-ev.de\/index.php?rest_route=\/wp\/v2\/users\/1"}],"replies":[{"embeddable":true,"href":"https:\/\/wiesengrund-ev.de\/index.php?rest_route=%2Fwp%2Fv2%2Fcomments&post=26"}],"version-history":[{"count":3,"href":"https:\/\/wiesengrund-ev.de\/index.php?rest_route=\/wp\/v2\/pages\/26\/revisions"}],"predecessor-version":[{"id":430,"href":"https:\/\/wiesengrund-ev.de\/index.php?rest_route=\/wp\/v2\/pages\/26\/revisions\/430"}],"wp:attachment":[{"href":"https:\/\/wiesengrund-ev.de\/index.php?rest_route=%2Fwp%2Fv2%2Fmedia&parent=26"}],"curies":[{"name":"wp","href":"https:\/\/api.w.org\/{rel}","templated":true}]}}