{"id":2,"date":"2026-02-23T10:11:53","date_gmt":"2026-02-23T08:11:53","guid":{"rendered":"\/?page_id=2"},"modified":"2026-03-16T21:17:50","modified_gmt":"2026-03-16T20:17:50","slug":"aktuelles","status":"publish","type":"page","link":"https:\/\/wiesengrund-ev.de\/","title":{"rendered":"Aktuelles"},"content":{"rendered":"\n<div class=\"wp-block-query is-layout-flow wp-block-query-is-layout-flow\">\n<div class=\"wp-block-group has-global-padding is-layout-constrained wp-block-group-is-layout-constrained\">\n<div class=\"wp-block-group has-global-padding is-layout-constrained wp-block-group-is-layout-constrained\">\n<div class=\"wp-block-columns is-layout-flex wp-container-core-columns-is-layout-28f84493 wp-block-columns-is-layout-flex\">\n<div class=\"wp-block-column is-layout-flow wp-block-column-is-layout-flow\" style=\"flex-basis:66.66%\">\n<p>Liebe P\u00e4chterinnen und P\u00e4chter,<\/p>\n\n\n\n<p>dieser Bereich ist unser zentraler Anlaufpunkt f\u00fcr alles, was in unserer Kleingartenanlage wichtig, neu oder einfach gut zu wissen ist.<\/p>\n\n\n\n<p>Egal ob Termine, Hinweise aus dem Vorstand oder Informationen zu Gemeinschaftsaktionen &#8211; hier bleibt ihr immer auf dem Laufenden.<\/p>\n\n\n\n<p>Tretet auch gern unserem WhatsApp Kanal bei. Diesen nutzen wir beispielsweise, um \u00fcber akute Themen zu informieren. Es ist ganz einfach- QR-Code Scannen, Kanal beitreten, Glocke anklicken, um Benachrichtigungen zu aktivieren.<\/p>\n<\/div>\n\n\n\n<div class=\"wp-block-column is-style-default is-layout-flow wp-block-column-is-layout-flow\" style=\"padding-top:0;padding-right:0;padding-bottom:0;padding-left:0;flex-basis:27.8%\">\n<figure class=\"wp-block-image aligncenter size-full is-resized\" style=\"margin-top:var(--wp--preset--spacing--30);margin-bottom:var(--wp--preset--spacing--30)\"><img loading=\"lazy\" decoding=\"async\" width=\"1023\" height=\"1023\" src=\"http:\/\/wiesengrund-ev.de\/wp-content\/uploads\/2026\/03\/QR-Code-Wiesengrund-eV-WhatsApp-Kanal.png\" alt=\"\" class=\"wp-image-141\" style=\"width:100px\" srcset=\"https:\/\/wiesengrund-ev.de\/wp-content\/uploads\/2026\/03\/QR-Code-Wiesengrund-eV-WhatsApp-Kanal.png 1023w, https:\/\/wiesengrund-ev.de\/wp-content\/uploads\/2026\/03\/QR-Code-Wiesengrund-eV-WhatsApp-Kanal-300x300.png 300w, https:\/\/wiesengrund-ev.de\/wp-content\/uploads\/2026\/03\/QR-Code-Wiesengrund-eV-WhatsApp-Kanal-150x150.png 150w, https:\/\/wiesengrund-ev.de\/wp-content\/uploads\/2026\/03\/QR-Code-Wiesengrund-eV-WhatsApp-Kanal-768x768.png 768w\" sizes=\"auto, (max-width: 1023px) 100vw, 1023px\" \/><\/figure>\n\n\n\n<p class=\"has-text-align-center has-small-font-size\">Scanne den QR-Code, um unserem<br>WhatsApp Kanal beizutreten.<\/p>\n<\/div>\n<\/div>\n\n\n\n<hr class=\"wp-block-separator has-alpha-channel-opacity\" style=\"margin-top:var(--wp--preset--spacing--50);margin-bottom:var(--wp--preset--spacing--50)\"\/>\n\n\n\n<div class=\"wp-block-group is-nowrap is-layout-flex wp-container-core-group-is-layout-6c531013 wp-block-group-is-layout-flex\"><ul style=\"border-top-left-radius:0px;border-top-right-radius:0px;border-bottom-left-radius:0px;border-bottom-right-radius:0px; padding-right:0;padding-left:0;padding-top:0;padding-bottom:0;\" class=\"columns-1 wp-block-post-template has-medium-font-size is-layout-grid wp-container-core-post-template-is-layout-313dff18 wp-block-post-template-is-layout-grid\"><li class=\"wp-block-post post-411 post type-post status-publish format-standard hentry category-aktuelles\">\n\n<div class=\"wp-block-group has-global-padding is-layout-constrained wp-container-core-group-is-layout-d0637094 wp-block-group-is-layout-constrained\" style=\"padding-top:var(--wp--preset--spacing--20);padding-right:0;padding-bottom:var(--wp--preset--spacing--20);padding-left:0\"><div style=\"padding-top:var(--wp--preset--spacing--20);padding-bottom:var(--wp--preset--spacing--20);\" class=\"wp-block-post-date\"><time datetime=\"2026-03-25T08:02:39+01:00\">25. M\u00e4rz 2026<\/time><\/div>\n\n<h2 style=\"padding-right:0;padding-left:0;padding-top:0;padding-bottom:0;\" class=\"has-text-align-left wp-block-post-title has-x-large-font-size\">\ud83c\udf31 Wir brauchen euch \u2013 jetzt!<\/h2><\/div>\n\n\n<div style=\"margin-top:var(--wp--preset--spacing--20);margin-bottom:var(--wp--preset--spacing--20);\" class=\"wp-block-post-excerpt\"><p class=\"wp-block-post-excerpt__excerpt\">Unser Verein besteht aus rund 110 G\u00e4rten, verteilt auf 6 Bereiche. Ein Ort, an dem wir gemeinsam ernten, feiern, werkeln, lachen und an dem wir&hellip; <\/p><\/div>\n\n\n<hr class=\"wp-block-separator has-text-color has-contrast-color has-alpha-channel-opacity has-contrast-background-color has-background is-style-default\" style=\"margin-top:0;margin-bottom:0\"\/>\n\n\n<a style=\"padding-right:var(--wp--preset--spacing--20);padding-left:var(--wp--preset--spacing--20);\" class=\"wp-block-read-more has-background has-accent-1-background-color\" href=\"https:\/\/wiesengrund-ev.de\/?p=411\" target=\"_self\">  weiterlesen   <span class=\"screen-reader-text\">: \ud83c\udf31 Wir brauchen euch \u2013 jetzt!<\/span><\/a>\n<\/li><li class=\"wp-block-post post-409 post type-post status-publish format-standard hentry category-aktuelles\">\n\n<div class=\"wp-block-group has-global-padding is-layout-constrained wp-container-core-group-is-layout-d0637094 wp-block-group-is-layout-constrained\" style=\"padding-top:var(--wp--preset--spacing--20);padding-right:0;padding-bottom:var(--wp--preset--spacing--20);padding-left:0\"><div style=\"padding-top:var(--wp--preset--spacing--20);padding-bottom:var(--wp--preset--spacing--20);\" class=\"wp-block-post-date\"><time datetime=\"2026-03-23T18:44:29+01:00\">23. M\u00e4rz 2026<\/time><\/div>\n\n<h2 style=\"padding-right:0;padding-left:0;padding-top:0;padding-bottom:0;\" class=\"has-text-align-left wp-block-post-title has-x-large-font-size\">Aktuelles zum diesj\u00e4hrigen Osterfefeuer<\/h2><\/div>\n\n\n<div style=\"margin-top:var(--wp--preset--spacing--20);margin-bottom:var(--wp--preset--spacing--20);\" class=\"wp-block-post-excerpt\"><p class=\"wp-block-post-excerpt__excerpt\">Nach beh\u00f6rdlicher Pr\u00fcfung wurde uns die Durchf\u00fchrung eines Osterfeuers auf unserem Vereinsgel\u00e4nde untersagt.Wir beenden damit eine \u00fcber zwanzigj\u00e4hrige Tradition. Stattdessen werden wir am 28. M\u00e4rz&hellip; <\/p><\/div>\n\n\n<hr class=\"wp-block-separator has-text-color has-contrast-color has-alpha-channel-opacity has-contrast-background-color has-background is-style-default\" style=\"margin-top:0;margin-bottom:0\"\/>\n\n\n<a style=\"padding-right:var(--wp--preset--spacing--20);padding-left:var(--wp--preset--spacing--20);\" class=\"wp-block-read-more has-background has-accent-1-background-color\" href=\"https:\/\/wiesengrund-ev.de\/?p=409\" target=\"_self\">  weiterlesen   <span class=\"screen-reader-text\">: Aktuelles zum diesj\u00e4hrigen Osterfefeuer<\/span><\/a>\n<\/li><li class=\"wp-block-post post-392 post type-post status-publish format-standard hentry category-aktuelles\">\n\n<div class=\"wp-block-group has-global-padding is-layout-constrained wp-container-core-group-is-layout-d0637094 wp-block-group-is-layout-constrained\" style=\"padding-top:var(--wp--preset--spacing--20);padding-right:0;padding-bottom:var(--wp--preset--spacing--20);padding-left:0\"><div style=\"padding-top:var(--wp--preset--spacing--20);padding-bottom:var(--wp--preset--spacing--20);\" class=\"wp-block-post-date\"><time datetime=\"2026-03-16T20:46:47+01:00\">16. M\u00e4rz 2026<\/time><\/div>\n\n<h2 style=\"padding-right:0;padding-left:0;padding-top:0;padding-bottom:0;\" class=\"has-text-align-left wp-block-post-title has-x-large-font-size\">N\u00e4chster Arbeitseinsatz &#8211; 28. M\u00e4rz 2026<\/h2><\/div>\n\n\n<div style=\"margin-top:var(--wp--preset--spacing--20);margin-bottom:var(--wp--preset--spacing--20);\" class=\"wp-block-post-excerpt\"><p class=\"wp-block-post-excerpt__excerpt\">Um 10 Uhr treffen wir uns zum n\u00e4chsten Arbeitseinsatz. Treffpunkt ist wie gewohnt das Vereinshaus. Geplant ist in der Zeit von 10 bis 13 Uhr&hellip; <\/p><\/div>\n\n\n<hr class=\"wp-block-separator has-text-color has-contrast-color has-alpha-channel-opacity has-contrast-background-color has-background is-style-default\" style=\"margin-top:0;margin-bottom:0\"\/>\n\n\n<a style=\"padding-right:var(--wp--preset--spacing--20);padding-left:var(--wp--preset--spacing--20);\" class=\"wp-block-read-more has-background has-accent-1-background-color\" href=\"https:\/\/wiesengrund-ev.de\/?p=392\" target=\"_self\">  weiterlesen   <span class=\"screen-reader-text\">: N\u00e4chster Arbeitseinsatz &#8211; 28. M\u00e4rz 2026<\/span><\/a>\n<\/li><li class=\"wp-block-post post-236 post type-post status-publish format-standard hentry category-aktuelles\">\n\n<div class=\"wp-block-group has-global-padding is-layout-constrained wp-container-core-group-is-layout-d0637094 wp-block-group-is-layout-constrained\" style=\"padding-top:var(--wp--preset--spacing--20);padding-right:0;padding-bottom:var(--wp--preset--spacing--20);padding-left:0\"><div style=\"padding-top:var(--wp--preset--spacing--20);padding-bottom:var(--wp--preset--spacing--20);\" class=\"wp-block-post-date\"><time datetime=\"2026-03-15T21:05:13+01:00\">15. M\u00e4rz 2026<\/time><\/div>\n\n<h2 style=\"padding-right:0;padding-left:0;padding-top:0;padding-bottom:0;\" class=\"has-text-align-left wp-block-post-title has-x-large-font-size\">Abwassergeb\u00fchrensatzung<\/h2><\/div>\n\n\n<div style=\"margin-top:var(--wp--preset--spacing--20);margin-bottom:var(--wp--preset--spacing--20);\" class=\"wp-block-post-excerpt\"><p class=\"wp-block-post-excerpt__excerpt\">Die SAE hat hat uns die ge\u00e4nderte Abwassergeb\u00fchrensatzung zukommen lassen. Den f\u00fcr alle P\u00e4chterinnen und P\u00e4chter relevanten Auszug finden sie unten zum Download. Datei zum&hellip; <\/p><\/div>\n\n\n<hr class=\"wp-block-separator has-text-color has-contrast-color has-alpha-channel-opacity has-contrast-background-color has-background is-style-default\" style=\"margin-top:0;margin-bottom:0\"\/>\n\n\n<a style=\"padding-right:var(--wp--preset--spacing--20);padding-left:var(--wp--preset--spacing--20);\" class=\"wp-block-read-more has-background has-accent-1-background-color\" href=\"https:\/\/wiesengrund-ev.de\/?p=236\" target=\"_self\">  weiterlesen   <span class=\"screen-reader-text\">: Abwassergeb\u00fchrensatzung<\/span><\/a>\n<\/li><li class=\"wp-block-post post-81 post type-post status-publish format-standard hentry category-aktuelles\">\n\n<div class=\"wp-block-group has-global-padding is-layout-constrained wp-container-core-group-is-layout-d0637094 wp-block-group-is-layout-constrained\" style=\"padding-top:var(--wp--preset--spacing--20);padding-right:0;padding-bottom:var(--wp--preset--spacing--20);padding-left:0\"><div style=\"padding-top:var(--wp--preset--spacing--20);padding-bottom:var(--wp--preset--spacing--20);\" class=\"wp-block-post-date\"><time datetime=\"2026-03-15T15:31:28+01:00\">15. M\u00e4rz 2026<\/time><\/div>\n\n<h2 style=\"padding-right:0;padding-left:0;padding-top:0;padding-bottom:0;\" class=\"has-text-align-left wp-block-post-title has-x-large-font-size\">Wichtig!<\/h2><\/div>\n\n\n<div style=\"margin-top:var(--wp--preset--spacing--20);margin-bottom:var(--wp--preset--spacing--20);\" class=\"wp-block-post-excerpt\"><p class=\"wp-block-post-excerpt__excerpt\">Am 28. M\u00e4rz 2026 wird in unserer Kleingartenanlage um 10 Uhr das Wasser wieder angestellt. Alle P\u00e4chterinnen und P\u00e4chter m\u00fcssen sicherstellen, dass bis dahin alle&hellip; <\/p><\/div>\n\n\n<hr class=\"wp-block-separator has-text-color has-contrast-color has-alpha-channel-opacity has-contrast-background-color has-background is-style-default\" style=\"margin-top:0;margin-bottom:0\"\/>\n\n\n<a style=\"padding-right:var(--wp--preset--spacing--20);padding-left:var(--wp--preset--spacing--20);\" class=\"wp-block-read-more has-background has-accent-1-background-color\" href=\"https:\/\/wiesengrund-ev.de\/?p=81\" target=\"_self\">  weiterlesen   <span class=\"screen-reader-text\">: Wichtig!<\/span><\/a>\n<\/li><li class=\"wp-block-post post-233 post type-post status-publish format-standard hentry category-aktuelles\">\n\n<div class=\"wp-block-group has-global-padding is-layout-constrained wp-container-core-group-is-layout-d0637094 wp-block-group-is-layout-constrained\" style=\"padding-top:var(--wp--preset--spacing--20);padding-right:0;padding-bottom:var(--wp--preset--spacing--20);padding-left:0\"><div style=\"padding-top:var(--wp--preset--spacing--20);padding-bottom:var(--wp--preset--spacing--20);\" class=\"wp-block-post-date\"><time datetime=\"2026-02-17T16:00:00+01:00\">17. Februar 2026<\/time><\/div>\n\n<h2 style=\"padding-right:0;padding-left:0;padding-top:0;padding-bottom:0;\" class=\"has-text-align-left wp-block-post-title has-x-large-font-size\">Abfuhrtermine der Sammelgruben 2026<\/h2><\/div>\n\n\n<div style=\"margin-top:var(--wp--preset--spacing--20);margin-bottom:var(--wp--preset--spacing--20);\" class=\"wp-block-post-excerpt\"><p class=\"wp-block-post-excerpt__excerpt\">Die Abfuhrtermine f\u00fcr das Entleeren der abflusslosen Sammelgruben (SG) \u00fcber die SAE in 2026 findet ihr hier zum Download. Datei zum Download <\/p><\/div>\n\n\n<hr class=\"wp-block-separator has-text-color has-contrast-color has-alpha-channel-opacity has-contrast-background-color has-background is-style-default\" style=\"margin-top:0;margin-bottom:0\"\/>\n\n\n<a style=\"padding-right:var(--wp--preset--spacing--20);padding-left:var(--wp--preset--spacing--20);\" class=\"wp-block-read-more has-background has-accent-1-background-color\" href=\"https:\/\/wiesengrund-ev.de\/?p=233\" target=\"_self\">  weiterlesen   <span class=\"screen-reader-text\">: Abfuhrtermine der Sammelgruben 2026<\/span><\/a>\n<\/li><li class=\"wp-block-post post-145 post type-post status-publish format-standard hentry category-aktuelles\">\n\n<div class=\"wp-block-group has-global-padding is-layout-constrained wp-container-core-group-is-layout-d0637094 wp-block-group-is-layout-constrained\" style=\"padding-top:var(--wp--preset--spacing--20);padding-right:0;padding-bottom:var(--wp--preset--spacing--20);padding-left:0\"><div style=\"padding-top:var(--wp--preset--spacing--20);padding-bottom:var(--wp--preset--spacing--20);\" class=\"wp-block-post-date\"><time datetime=\"2025-11-04T16:00:00+01:00\">4. November 2025<\/time><\/div>\n\n<h2 style=\"padding-right:0;padding-left:0;padding-top:0;padding-bottom:0;\" class=\"has-text-align-left wp-block-post-title has-x-large-font-size\">Unterst\u00fctzung im Verein<\/h2><\/div>\n\n\n<div style=\"margin-top:var(--wp--preset--spacing--20);margin-bottom:var(--wp--preset--spacing--20);\" class=\"wp-block-post-excerpt\"><p class=\"wp-block-post-excerpt__excerpt\">Wir als Verein ben\u00f6tigen dringend Unterst\u00fctzung im Vorstand. Lest hier, wo konkret der Bedarf besteht und wo Ihr Euch im Sinne der Gemeinschaft engagieren k\u00f6nnt.&hellip; <\/p><\/div>\n\n\n<hr class=\"wp-block-separator has-text-color has-contrast-color has-alpha-channel-opacity has-contrast-background-color has-background is-style-default\" style=\"margin-top:0;margin-bottom:0\"\/>\n\n\n<a style=\"padding-right:var(--wp--preset--spacing--20);padding-left:var(--wp--preset--spacing--20);\" class=\"wp-block-read-more has-background has-accent-1-background-color\" href=\"https:\/\/wiesengrund-ev.de\/?p=145\" target=\"_self\">  weiterlesen   <span class=\"screen-reader-text\">: Unterst\u00fctzung im Verein<\/span><\/a>\n<\/li><li class=\"wp-block-post post-143 post type-post status-publish format-standard hentry category-aktuelles\">\n\n<div class=\"wp-block-group has-global-padding is-layout-constrained wp-container-core-group-is-layout-d0637094 wp-block-group-is-layout-constrained\" style=\"padding-top:var(--wp--preset--spacing--20);padding-right:0;padding-bottom:var(--wp--preset--spacing--20);padding-left:0\"><div style=\"padding-top:var(--wp--preset--spacing--20);padding-bottom:var(--wp--preset--spacing--20);\" class=\"wp-block-post-date\"><time datetime=\"2024-10-23T16:00:00+02:00\">23. Oktober 2024<\/time><\/div>\n\n<h2 style=\"padding-right:0;padding-left:0;padding-top:0;padding-bottom:0;\" class=\"has-text-align-left wp-block-post-title has-x-large-font-size\">Befahren der Anlage verboten<\/h2><\/div>\n\n\n<div style=\"margin-top:var(--wp--preset--spacing--20);margin-bottom:var(--wp--preset--spacing--20);\" class=\"wp-block-post-excerpt\"><p class=\"wp-block-post-excerpt__excerpt\">Achtung! Der kleine Weg n\u00f6rdlich der G\u00e4rten 77 bis 81 wird f\u00fcr das Befahren mit dem Auto\/Transporter etc. ab sofort gesperrt. Hintergrund sind die Wasserrohrbr\u00fcche,&hellip; <\/p><\/div>\n\n\n<hr class=\"wp-block-separator has-text-color has-contrast-color has-alpha-channel-opacity has-contrast-background-color has-background is-style-default\" style=\"margin-top:0;margin-bottom:0\"\/>\n\n\n<a style=\"padding-right:var(--wp--preset--spacing--20);padding-left:var(--wp--preset--spacing--20);\" class=\"wp-block-read-more has-background has-accent-1-background-color\" href=\"https:\/\/wiesengrund-ev.de\/?p=143\" target=\"_self\">  weiterlesen   <span class=\"screen-reader-text\">: Befahren der Anlage verboten<\/span><\/a>\n<\/li><li class=\"wp-block-post post-140 post type-post status-publish format-standard hentry category-aktuelles\">\n\n<div class=\"wp-block-group has-global-padding is-layout-constrained wp-container-core-group-is-layout-d0637094 wp-block-group-is-layout-constrained\" style=\"padding-top:var(--wp--preset--spacing--20);padding-right:0;padding-bottom:var(--wp--preset--spacing--20);padding-left:0\"><div style=\"padding-top:var(--wp--preset--spacing--20);padding-bottom:var(--wp--preset--spacing--20);\" class=\"wp-block-post-date\"><time datetime=\"2024-08-10T16:00:00+02:00\">10. August 2024<\/time><\/div>\n\n<h2 style=\"padding-right:0;padding-left:0;padding-top:0;padding-bottom:0;\" class=\"has-text-align-left wp-block-post-title has-x-large-font-size\">Jetzt abonnieren: Unser WhatsApp Kanal<\/h2><\/div>\n\n\n<div style=\"margin-top:var(--wp--preset--spacing--20);margin-bottom:var(--wp--preset--spacing--20);\" class=\"wp-block-post-excerpt\"><p class=\"wp-block-post-excerpt__excerpt\">\u00dcber unseren neuen WhatsApp Kanal machen wir es Euch nun noch einfacher, \u00fcber die wichtigsten Themen rund um das Geschehen in unserem Verein auf dem&hellip; <\/p><\/div>\n\n\n<hr class=\"wp-block-separator has-text-color has-contrast-color has-alpha-channel-opacity has-contrast-background-color has-background is-style-default\" style=\"margin-top:0;margin-bottom:0\"\/>\n\n\n<a style=\"padding-right:var(--wp--preset--spacing--20);padding-left:var(--wp--preset--spacing--20);\" class=\"wp-block-read-more has-background has-accent-1-background-color\" href=\"https:\/\/wiesengrund-ev.de\/?p=140\" target=\"_self\">  weiterlesen   <span class=\"screen-reader-text\">: Jetzt abonnieren: Unser WhatsApp Kanal<\/span><\/a>\n<\/li><li class=\"wp-block-post post-132 post type-post status-publish format-standard hentry category-aktuelles\">\n\n<div class=\"wp-block-group has-global-padding is-layout-constrained wp-container-core-group-is-layout-d0637094 wp-block-group-is-layout-constrained\" style=\"padding-top:var(--wp--preset--spacing--20);padding-right:0;padding-bottom:var(--wp--preset--spacing--20);padding-left:0\"><div style=\"padding-top:var(--wp--preset--spacing--20);padding-bottom:var(--wp--preset--spacing--20);\" class=\"wp-block-post-date\"><time datetime=\"2024-04-22T16:00:00+02:00\">22. April 2024<\/time><\/div>\n\n<h2 style=\"padding-right:0;padding-left:0;padding-top:0;padding-bottom:0;\" class=\"has-text-align-left wp-block-post-title has-x-large-font-size\">Informationen zur Dichtheitspr\u00fcfung<\/h2><\/div>\n\n\n<div style=\"margin-top:var(--wp--preset--spacing--20);margin-bottom:var(--wp--preset--spacing--20);\" class=\"wp-block-post-excerpt\"><p class=\"wp-block-post-excerpt__excerpt\">Die Dichtheitspr\u00fcfung Ihres Sammelbeh\u00e4lters ist 2024\/2025 abgelaufen oder wird in den kommenden Jahren f\u00e4llig? Lesen Sie bitte weiter. In diesem Jahr sind alle P\u00e4chterInnen, bei&hellip; <\/p><\/div>\n\n\n<hr class=\"wp-block-separator has-text-color has-contrast-color has-alpha-channel-opacity has-contrast-background-color has-background is-style-default\" style=\"margin-top:0;margin-bottom:0\"\/>\n\n\n<a style=\"padding-right:var(--wp--preset--spacing--20);padding-left:var(--wp--preset--spacing--20);\" class=\"wp-block-read-more has-background has-accent-1-background-color\" href=\"https:\/\/wiesengrund-ev.de\/?p=132\" target=\"_self\">  weiterlesen   <span class=\"screen-reader-text\">: Informationen zur Dichtheitspr\u00fcfung<\/span><\/a>\n<\/li><\/ul><\/div>\n<\/div>\n<\/div>\n<\/div>\n","protected":false},"excerpt":{"rendered":"","protected":false},"author":1,"featured_media":0,"parent":0,"menu_order":0,"comment_status":"closed","ping_status":"closed","template":"","meta":{"footnotes":""},"class_list":["post-2","page","type-page","status-publish","hentry"],"_links":{"self":[{"href":"https:\/\/wiesengrund-ev.de\/index.php?rest_route=\/wp\/v2\/pages\/2","targetHints":{"allow":["GET"]}}],"collection":[{"href":"https:\/\/wiesengrund-ev.de\/index.php?rest_route=\/wp\/v2\/pages"}],"about":[{"href":"https:\/\/wiesengrund-ev.de\/index.php?rest_route=\/wp\/v2\/types\/page"}],"author":[{"embeddable":true,"href":"https:\/\/wiesengrund-ev.de\/index.php?rest_route=\/wp\/v2\/users\/1"}],"replies":[{"embeddable":true,"href":"https:\/\/wiesengrund-ev.de\/index.php?rest_route=%2Fwp%2Fv2%2Fcomments&post=2"}],"version-history":[{"count":43,"href":"https:\/\/wiesengrund-ev.de\/index.php?rest_route=\/wp\/v2\/pages\/2\/revisions"}],"predecessor-version":[{"id":404,"href":"https:\/\/wiesengrund-ev.de\/index.php?rest_route=\/wp\/v2\/pages\/2\/revisions\/404"}],"wp:attachment":[{"href":"https:\/\/wiesengrund-ev.de\/index.php?rest_route=%2Fwp%2Fv2%2Fmedia&parent=2"}],"curies":[{"name":"wp","href":"https:\/\/api.w.org\/{rel}","templated":true}]}}